{"id":4255,"date":"2021-06-28T22:08:06","date_gmt":"2021-06-28T20:08:06","guid":{"rendered":"https:\/\/mahlers.a.vaia.cloud\/?page_id=4255"},"modified":"2026-01-06T12:07:37","modified_gmt":"2026-01-06T11:07:37","slug":"startsida","status":"publish","type":"page","link":"https:\/\/mahlers.se\/no\/","title":{"rendered":"Startsida"},"content":{"rendered":"\t\t<div data-elementor-type=\"wp-page\" data-elementor-id=\"4255\" class=\"elementor elementor-4255 elementor-248\" data-elementor-post-type=\"page\">\n\t\t\t\t\t\t<section class=\"elementor-section elementor-top-section elementor-element elementor-element-0d2c129 elementor-section-full_width elementor-section-height-default elementor-section-height-default\" data-id=\"0d2c129\" data-element_type=\"section\" data-e-type=\"section\">\n\t\t\t\t\t\t<div class=\"elementor-container elementor-column-gap-default\">\n\t\t\t\t\t<div class=\"elementor-column elementor-col-100 elementor-top-column elementor-element elementor-element-3f36635\" data-id=\"3f36635\" data-element_type=\"column\" data-e-type=\"column\">\n\t\t\t<div class=\"elementor-widget-wrap elementor-element-populated\">\n\t\t\t\t\t\t<div class=\"elementor-element elementor-element-b652e10 elementor-widget elementor-widget-gndv-hero\" data-id=\"b652e10\" data-element_type=\"widget\" data-e-type=\"widget\" data-widget_type=\"gndv-hero.default\">\n\t\t\t\t<div class=\"elementor-widget-container\">\n\t\t\t\t\t\n\t\t<div class=\"hero image\" style=\"min-height: 58vh;\">\n\n\t\t\t\t\t\t\t<h1 class=\"text-wrapper\">\n\t\t\t\t\t\t\t\t\t\t\t<div class=\"text-row\"><\/div>\n\t\t\t\t\t\t\t\t\t<\/h1>\n\t\t\t\n\t\t\t\n\t\t\t\t\t\t\t<img decoding=\"async\" class=\"hero-image\" src=\"https:\/\/mahlers.se\/wp-content\/uploads\/2026\/01\/Mahlers-Ettan-NO.jpg\" alt=\"Hero bild\">\n\t\t\t\n\t\t<\/div>\n\n\t\t\t\t\t\t<\/div>\n\t\t\t\t<\/div>\n\t\t\t\t\t<\/div>\n\t\t<\/div>\n\t\t\t\t\t<\/div>\n\t\t<\/section>\n\t\t\t\t<section class=\"elementor-section elementor-top-section elementor-element elementor-element-240abced elementor-section-boxed elementor-section-height-default elementor-section-height-default\" data-id=\"240abced\" data-element_type=\"section\" data-e-type=\"section\">\n\t\t\t\t\t\t<div class=\"elementor-container elementor-column-gap-default\">\n\t\t\t\t\t<div class=\"elementor-column elementor-col-100 elementor-top-column elementor-element elementor-element-3c687d1a\" data-id=\"3c687d1a\" data-element_type=\"column\" data-e-type=\"column\">\n\t\t\t<div class=\"elementor-widget-wrap elementor-element-populated\">\n\t\t\t\t\t\t<div class=\"elementor-element elementor-element-c2caed3 elementor-widget-tablet__width-initial elementor-widget elementor-widget-heading\" data-id=\"c2caed3\" data-element_type=\"widget\" data-e-type=\"widget\" data-widget_type=\"heading.default\">\n\t\t\t\t<div class=\"elementor-widget-container\">\n\t\t\t\t\t<h2 class=\"elementor-heading-title elementor-size-default\">Effektive sn\u00f8ploger, spredere, kost, sommerutstyr og h\u00f8velskj\u00e6r for lastebil, hjullaster, traktor, veih\u00f8vel<\/h2>\t\t\t\t<\/div>\n\t\t\t\t<\/div>\n\t\t\t\t<div class=\"elementor-element elementor-element-796f0760 elementor-widget elementor-widget-text-editor\" data-id=\"796f0760\" data-element_type=\"widget\" data-e-type=\"widget\" data-widget_type=\"text-editor.default\">\n\t\t\t\t<div class=\"elementor-widget-container\">\n\t\t\t\t\t\t\t\t\t<div id=\"svid12_3e7626b413ec3d5c6521df97\" class=\"sv-text-portlet sv-use-margins\"><div class=\"sv-text-portlet-content\"><p class=\"ingress\"><strong>AB M\u00c4HLER &amp; S\u00d6NER<\/strong> ble grunnlagt i 1895 i Hoting og holder n\u00e5 til i Ross\u00f6n som ligger i den nordlige delen av J\u00e4mtland, Sverige.<\/p><\/div><\/div><div id=\"svid12_3e7626b413ec3d5c6521df96\" class=\"sv-text-portlet sv-use-margins\"><div class=\"sv-text-portlet-content\"><p class=\"normal\">Til tross for v\u00e5r lange historie, har vi ikke stagnert i v\u00e5r utvikling. Vi jobber stadig nytenkende og utvikler nye produkter. Det har f\u00f8rt til at vi n\u00e5 er markedsledende i Norden n\u00e5r det gjelder veivedlikehold \u00e5ret rundt.<\/p><p class=\"normal\">Vi kan foresl\u00e5 og levere komplette utrustninger for lastebil og veih\u00f8vel. V\u00e5r lydh\u00f8rhet for kundenes synspunkter gj\u00f8r at M\u00e4hlers hele tiden forbedrer og fornyer produktprogrammet. Sats p\u00e5 M\u00e4hlers du ogs\u00e5 \u2013 da er du sikret rett metode og produkt samt optimal \u00f8konomi og produksjon.<\/p><\/div><\/div>\t\t\t\t\t\t\t\t<\/div>\n\t\t\t\t<\/div>\n\t\t\t\t<div class=\"elementor-element elementor-element-730421d2 elementor-align-center elementor-widget elementor-widget-button\" data-id=\"730421d2\" data-element_type=\"widget\" data-e-type=\"widget\" data-widget_type=\"button.default\">\n\t\t\t\t<div class=\"elementor-widget-container\">\n\t\t\t\t\t\t\t\t\t<div class=\"elementor-button-wrapper\">\n\t\t\t\t\t<a class=\"elementor-button elementor-button-link elementor-size-sm\" href=\"\/no\/product\">\n\t\t\t\t\t\t<span class=\"elementor-button-content-wrapper\">\n\t\t\t\t\t\t\t\t\t<span class=\"elementor-button-text\">Se v\u00e5re produkter<\/span>\n\t\t\t\t\t<\/span>\n\t\t\t\t\t<\/a>\n\t\t\t\t<\/div>\n\t\t\t\t\t\t\t\t<\/div>\n\t\t\t\t<\/div>\n\t\t\t\t\t<\/div>\n\t\t<\/div>\n\t\t\t\t\t<\/div>\n\t\t<\/section>\n\t\t\t\t<section class=\"elementor-section elementor-top-section elementor-element elementor-element-f053b34 elementor-section-full_width elementor-section-content-middle elementor-section-height-default elementor-section-height-default\" data-id=\"f053b34\" data-element_type=\"section\" data-e-type=\"section\">\n\t\t\t\t\t\t<div class=\"elementor-container elementor-column-gap-no\">\n\t\t\t\t\t<div class=\"elementor-column elementor-col-50 elementor-top-column elementor-element elementor-element-d711b76\" data-id=\"d711b76\" data-element_type=\"column\" data-e-type=\"column\" data-settings=\"{&quot;background_background&quot;:&quot;classic&quot;}\">\n\t\t\t<div class=\"elementor-widget-wrap elementor-element-populated\">\n\t\t\t\t\t\t<div class=\"elementor-element elementor-element-2b249c8 elementor-widget elementor-widget-heading\" data-id=\"2b249c8\" data-element_type=\"widget\" data-e-type=\"widget\" data-widget_type=\"heading.default\">\n\t\t\t\t<div class=\"elementor-widget-container\">\n\t\t\t\t\t<h2 class=\"elementor-heading-title elementor-size-default\">NYHET - <strong style=\"white-space: normal\">Hydraulisk l\u00e5sing p\u00e5 M\u00e4hlers frontfester<\/strong><\/h2>\t\t\t\t<\/div>\n\t\t\t\t<\/div>\n\t\t\t\t<div class=\"elementor-element elementor-element-fc0cebd elementor-widget-divider--view-line elementor-widget elementor-widget-divider\" data-id=\"fc0cebd\" data-element_type=\"widget\" data-e-type=\"widget\" data-widget_type=\"divider.default\">\n\t\t\t\t<div class=\"elementor-widget-container\">\n\t\t\t\t\t\t\t<div class=\"elementor-divider\">\n\t\t\t<span class=\"elementor-divider-separator\">\n\t\t\t\t\t\t<\/span>\n\t\t<\/div>\n\t\t\t\t\t\t<\/div>\n\t\t\t\t<\/div>\n\t\t\t\t<div class=\"elementor-element elementor-element-167613d elementor-widget elementor-widget-text-editor\" data-id=\"167613d\" data-element_type=\"widget\" data-e-type=\"widget\" data-widget_type=\"text-editor.default\">\n\t\t\t\t<div class=\"elementor-widget-container\">\n\t\t\t\t\t\t\t\t\t<p><strong>Vi fortsetter \u00e5 utvikle v\u00e5ret plogsortiment i h\u00f8yt tempo. <\/strong>De siste \u00e5rene har vi lansert flere nyheter, og ettersom det norske markedet utgj\u00f8r en betydelig del av salget, presenteres n\u00e5 et nyutviklet frontfeste med hydraulisk l\u00e5sing \u2013 noe som gj\u00f8r det enklere \u00e5 koble frontplog p\u00e5 lastebil.<\/p><div><p>M\u00e4hlers tilbyr et adaptersett som skrus p\u00e5 det eksisterende mekaniske festet, slik at dagens ploger enkelt kan tilpasses det nye hydrauliske frontfestet. En enkel og rimelig l\u00f8sning for entrepren\u00f8rer som allerede har ploger. Men n\u00e5 kommer vi ogs\u00e5 til \u00e5 tilby v\u00e5re norske kunder ploger som er direkte tilpasset for hydraulisk feste \u2013 da er det ikke behov for adapterne.<\/p><\/div>\t\t\t\t\t\t\t\t<\/div>\n\t\t\t\t<\/div>\n\t\t\t\t<div class=\"elementor-element elementor-element-dab0316 elementor-align-left elementor-widget elementor-widget-button\" data-id=\"dab0316\" data-element_type=\"widget\" data-e-type=\"widget\" data-widget_type=\"button.default\">\n\t\t\t\t<div class=\"elementor-widget-container\">\n\t\t\t\t\t\t\t\t\t<div class=\"elementor-button-wrapper\">\n\t\t\t\t\t<a class=\"elementor-button elementor-button-link elementor-size-sm\" href=\"https:\/\/mahlers.se\/no\/product\/hydraulisk-broyteplate\/\">\n\t\t\t\t\t\t<span class=\"elementor-button-content-wrapper\">\n\t\t\t\t\t\t\t\t\t<span class=\"elementor-button-text\">Les mer<\/span>\n\t\t\t\t\t<\/span>\n\t\t\t\t\t<\/a>\n\t\t\t\t<\/div>\n\t\t\t\t\t\t\t\t<\/div>\n\t\t\t\t<\/div>\n\t\t\t\t\t<\/div>\n\t\t<\/div>\n\t\t\t\t<div class=\"elementor-column elementor-col-50 elementor-top-column elementor-element elementor-element-746ca02\" data-id=\"746ca02\" data-element_type=\"column\" data-e-type=\"column\">\n\t\t\t<div class=\"elementor-widget-wrap elementor-element-populated\">\n\t\t\t\t\t\t<div class=\"elementor-element elementor-element-3ccd78d elementor-widget__width-initial elementor-widget elementor-widget-image\" data-id=\"3ccd78d\" data-element_type=\"widget\" data-e-type=\"widget\" data-widget_type=\"image.default\">\n\t\t\t\t<div class=\"elementor-widget-container\">\n\t\t\t\t\t\t\t\t\t\t\t\t\t\t\t<img decoding=\"async\" src=\"https:\/\/mahlers.se\/wp-content\/uploads\/2025\/06\/mahlers-hydraulisk-broyteplate-frontfeste-ettan-DSC01556_1.jpg\" title=\"mahlers-hydraulisk-broyteplate-frontfeste-ettan-DSC01556_1\" alt=\"mahlers-hydraulisk-broyteplate-frontfeste-ettan-DSC01556_1\" loading=\"lazy\" \/>\t\t\t\t\t\t\t\t\t\t\t\t\t\t\t<\/div>\n\t\t\t\t<\/div>\n\t\t\t\t\t<\/div>\n\t\t<\/div>\n\t\t\t\t\t<\/div>\n\t\t<\/section>\n\t\t\t\t<section class=\"elementor-section elementor-top-section elementor-element elementor-element-6ff427f elementor-section-full_width elementor-section-content-middle elementor-section-height-default elementor-section-height-default\" data-id=\"6ff427f\" data-element_type=\"section\" data-e-type=\"section\">\n\t\t\t\t\t\t<div class=\"elementor-container elementor-column-gap-no\">\n\t\t\t\t\t<div class=\"elementor-column elementor-col-50 elementor-top-column elementor-element elementor-element-1cb1e74\" data-id=\"1cb1e74\" data-element_type=\"column\" data-e-type=\"column\">\n\t\t\t<div class=\"elementor-widget-wrap elementor-element-populated\">\n\t\t\t\t\t\t<div class=\"elementor-element elementor-element-acec758 elementor-widget elementor-widget-image\" data-id=\"acec758\" data-element_type=\"widget\" data-e-type=\"widget\" data-widget_type=\"image.default\">\n\t\t\t\t<div class=\"elementor-widget-container\">\n\t\t\t\t\t\t\t\t\t\t\t\t\t\t\t<img fetchpriority=\"high\" decoding=\"async\" width=\"2500\" height=\"1406\" src=\"https:\/\/mahlers.se\/wp-content\/uploads\/2025\/06\/mahlers-mc3-volvo-connect-DSC02518_1-web-16-9.jpg\" class=\"attachment-full size-full wp-image-13519\" alt=\"\" srcset=\"https:\/\/mahlers.se\/wp-content\/uploads\/2025\/06\/mahlers-mc3-volvo-connect-DSC02518_1-web-16-9.jpg 2500w, https:\/\/mahlers.se\/wp-content\/uploads\/2025\/06\/mahlers-mc3-volvo-connect-DSC02518_1-web-16-9-300x169.jpg 300w, https:\/\/mahlers.se\/wp-content\/uploads\/2025\/06\/mahlers-mc3-volvo-connect-DSC02518_1-web-16-9-1024x576.jpg 1024w, https:\/\/mahlers.se\/wp-content\/uploads\/2025\/06\/mahlers-mc3-volvo-connect-DSC02518_1-web-16-9-768x432.jpg 768w, https:\/\/mahlers.se\/wp-content\/uploads\/2025\/06\/mahlers-mc3-volvo-connect-DSC02518_1-web-16-9-1536x864.jpg 1536w, https:\/\/mahlers.se\/wp-content\/uploads\/2025\/06\/mahlers-mc3-volvo-connect-DSC02518_1-web-16-9-2048x1152.jpg 2048w\" sizes=\"(max-width: 2500px) 100vw, 2500px\" \/>\t\t\t\t\t\t\t\t\t\t\t\t\t\t\t<\/div>\n\t\t\t\t<\/div>\n\t\t\t\t\t<\/div>\n\t\t<\/div>\n\t\t\t\t<div class=\"elementor-column elementor-col-50 elementor-top-column elementor-element elementor-element-4819d28\" data-id=\"4819d28\" data-element_type=\"column\" data-e-type=\"column\" data-settings=\"{&quot;background_background&quot;:&quot;classic&quot;}\">\n\t\t\t<div class=\"elementor-widget-wrap elementor-element-populated\">\n\t\t\t\t\t\t<div class=\"elementor-element elementor-element-35866aa elementor-widget elementor-widget-heading\" data-id=\"35866aa\" data-element_type=\"widget\" data-e-type=\"widget\" data-widget_type=\"heading.default\">\n\t\t\t\t<div class=\"elementor-widget-container\">\n\t\t\t\t\t<h2 class=\"elementor-heading-title elementor-size-default\">NYHET - <strong style=\"white-space: normal\">M\u00e4hlers app for styresystemet MC3 blir tilgjengelig via Volvo Connect<\/strong><\/h2>\t\t\t\t<\/div>\n\t\t\t\t<\/div>\n\t\t\t\t<div class=\"elementor-element elementor-element-1c3e07e elementor-widget-divider--view-line elementor-widget elementor-widget-divider\" data-id=\"1c3e07e\" data-element_type=\"widget\" data-e-type=\"widget\" data-widget_type=\"divider.default\">\n\t\t\t\t<div class=\"elementor-widget-container\">\n\t\t\t\t\t\t\t<div class=\"elementor-divider\">\n\t\t\t<span class=\"elementor-divider-separator\">\n\t\t\t\t\t\t<\/span>\n\t\t<\/div>\n\t\t\t\t\t\t<\/div>\n\t\t\t\t<\/div>\n\t\t\t\t<div class=\"elementor-element elementor-element-ffd049e elementor-widget elementor-widget-text-editor\" data-id=\"ffd049e\" data-element_type=\"widget\" data-e-type=\"widget\" data-widget_type=\"text-editor.default\">\n\t\t\t\t<div class=\"elementor-widget-container\">\n\t\t\t\t\t\t\t\t\t<div><p><strong>Enklere fjernsupport og bedre oversikt \u2013 direkte i lastebilens digitale skjerm.<\/strong><\/p><\/div><div><p>N\u00e5 lanseres en etterlengtet funksjon for lastebilsj\u00e5f\u00f8rer som bruker M\u00e4hlers styresystem MC3 i Volvo-lastebiler. M\u00e4hlers MC3-app blir tilgjengelig via Volvo Connect \u2013 Volvo-konsernets digitale plattform for kj\u00f8ret\u00f8y- og fl\u00e5testyring. Det betyr at sj\u00e5f\u00f8rer og transportselskaper f\u00e5r tilgang til M\u00e4hlers funksjoner via samme skjerm og system de allerede bruker til kj\u00f8ret\u00f8yets \u00f8vrige digitale tjenester.<\/p><\/div>\t\t\t\t\t\t\t\t<\/div>\n\t\t\t\t<\/div>\n\t\t\t\t<div class=\"elementor-element elementor-element-4addb3f elementor-align-left elementor-widget elementor-widget-button\" data-id=\"4addb3f\" data-element_type=\"widget\" data-e-type=\"widget\" data-widget_type=\"button.default\">\n\t\t\t\t<div class=\"elementor-widget-container\">\n\t\t\t\t\t\t\t\t\t<div class=\"elementor-button-wrapper\">\n\t\t\t\t\t<a class=\"elementor-button elementor-button-link elementor-size-sm\" href=\"https:\/\/mahlers.se\/no\/2025\/06\/03\/nyhet-mahlers-app-for-styresystemet-mc3-blir-tilgjengelig-via-volvo-connect\/\">\n\t\t\t\t\t\t<span class=\"elementor-button-content-wrapper\">\n\t\t\t\t\t\t\t\t\t<span class=\"elementor-button-text\">Les mer<\/span>\n\t\t\t\t\t<\/span>\n\t\t\t\t\t<\/a>\n\t\t\t\t<\/div>\n\t\t\t\t\t\t\t\t<\/div>\n\t\t\t\t<\/div>\n\t\t\t\t\t<\/div>\n\t\t<\/div>\n\t\t\t\t\t<\/div>\n\t\t<\/section>\n\t\t\t\t<section class=\"elementor-section elementor-top-section elementor-element elementor-element-9b75691 elementor-reverse-mobile elementor-section-full_width elementor-section-content-middle elementor-section-height-default elementor-section-height-default\" data-id=\"9b75691\" data-element_type=\"section\" data-e-type=\"section\">\n\t\t\t\t\t\t<div class=\"elementor-container elementor-column-gap-no\">\n\t\t\t\t\t<div class=\"elementor-column elementor-col-50 elementor-top-column elementor-element elementor-element-4c6b5147\" data-id=\"4c6b5147\" data-element_type=\"column\" data-e-type=\"column\" data-settings=\"{&quot;background_background&quot;:&quot;classic&quot;}\">\n\t\t\t<div class=\"elementor-widget-wrap elementor-element-populated\">\n\t\t\t\t\t\t<div class=\"elementor-element elementor-element-68d421f0 elementor-widget elementor-widget-heading\" data-id=\"68d421f0\" data-element_type=\"widget\" data-e-type=\"widget\" data-widget_type=\"heading.default\">\n\t\t\t\t<div class=\"elementor-widget-container\">\n\t\t\t\t\t<h2 class=\"elementor-heading-title elementor-size-default\">M\u00e4hlers nye krokramme gj\u00f8r lastebilen allsidig.<\/h2>\t\t\t\t<\/div>\n\t\t\t\t<\/div>\n\t\t\t\t<div class=\"elementor-element elementor-element-aa98406 elementor-widget-divider--view-line elementor-widget elementor-widget-divider\" data-id=\"aa98406\" data-element_type=\"widget\" data-e-type=\"widget\" data-widget_type=\"divider.default\">\n\t\t\t\t<div class=\"elementor-widget-container\">\n\t\t\t\t\t\t\t<div class=\"elementor-divider\">\n\t\t\t<span class=\"elementor-divider-separator\">\n\t\t\t\t\t\t<\/span>\n\t\t<\/div>\n\t\t\t\t\t\t<\/div>\n\t\t\t\t<\/div>\n\t\t\t\t<div class=\"elementor-element elementor-element-7a3e6310 elementor-widget elementor-widget-text-editor\" data-id=\"7a3e6310\" data-element_type=\"widget\" data-e-type=\"widget\" data-widget_type=\"text-editor.default\">\n\t\t\t\t<div class=\"elementor-widget-container\">\n\t\t\t\t\t\t\t\t\t<p style=\"font-weight: 400;\">Med M\u00e4hlers siste innovasjon, Blazer krokramme, er det mulig \u00e5 raskt omstille lastebilen fr\u00e5 et oppdrag til et annet. Blazer er tiltenkt sn\u00f8rydding p\u00e5 veg, og krokrammen har som standard et hev- og senkbart fremre sideplogsfeste montert.<\/p><p style=\"font-weight: 400;\">Krokrammen gj\u00f8r det mulig \u00e5 b\u00e6re valgfri last, som f.eks et flak, saltspreder eller annet. Og p\u00e5 siden er det da mulig \u00e5 kople til alle typer M\u00e4hlers sideploger. Avhengig av hvilken plog som monteres p\u00e5, vil ulike funksjoner og utstyr v\u00e6re tilgjengelig.<\/p>\t\t\t\t\t\t\t\t<\/div>\n\t\t\t\t<\/div>\n\t\t\t\t<div class=\"elementor-element elementor-element-44f98658 elementor-align-left elementor-widget elementor-widget-button\" data-id=\"44f98658\" data-element_type=\"widget\" data-e-type=\"widget\" data-widget_type=\"button.default\">\n\t\t\t\t<div class=\"elementor-widget-container\">\n\t\t\t\t\t\t\t\t\t<div class=\"elementor-button-wrapper\">\n\t\t\t\t\t<a class=\"elementor-button elementor-button-link elementor-size-sm\" href=\"https:\/\/mahlers.se\/no\/2024\/04\/18\/nyhet-mahlers-nye-krokramme-gjor-lastebilen-allsidig\/\">\n\t\t\t\t\t\t<span class=\"elementor-button-content-wrapper\">\n\t\t\t\t\t\t\t\t\t<span class=\"elementor-button-text\">Les mer<\/span>\n\t\t\t\t\t<\/span>\n\t\t\t\t\t<\/a>\n\t\t\t\t<\/div>\n\t\t\t\t\t\t\t\t<\/div>\n\t\t\t\t<\/div>\n\t\t\t\t\t<\/div>\n\t\t<\/div>\n\t\t\t\t<div class=\"elementor-column elementor-col-50 elementor-top-column elementor-element elementor-element-3af30b63\" data-id=\"3af30b63\" data-element_type=\"column\" data-e-type=\"column\">\n\t\t\t<div class=\"elementor-widget-wrap elementor-element-populated\">\n\t\t\t\t\t\t<div class=\"elementor-element elementor-element-3e24d0aa elementor-widget elementor-widget-image\" data-id=\"3e24d0aa\" data-element_type=\"widget\" data-e-type=\"widget\" data-widget_type=\"image.default\">\n\t\t\t\t<div class=\"elementor-widget-container\">\n\t\t\t\t\t\t\t\t\t\t\t\t\t\t\t<img decoding=\"async\" width=\"2560\" height=\"1707\" src=\"https:\/\/mahlers.se\/wp-content\/uploads\/2024\/04\/Mahlers-lastvaxlarram-Blazer-med-plog-scaled.jpg\" class=\"attachment-full size-full wp-image-9591\" alt=\"\" srcset=\"https:\/\/mahlers.se\/wp-content\/uploads\/2024\/04\/Mahlers-lastvaxlarram-Blazer-med-plog-scaled.jpg 2560w, https:\/\/mahlers.se\/wp-content\/uploads\/2024\/04\/Mahlers-lastvaxlarram-Blazer-med-plog-300x200.jpg 300w, https:\/\/mahlers.se\/wp-content\/uploads\/2024\/04\/Mahlers-lastvaxlarram-Blazer-med-plog-1024x683.jpg 1024w, https:\/\/mahlers.se\/wp-content\/uploads\/2024\/04\/Mahlers-lastvaxlarram-Blazer-med-plog-768x512.jpg 768w\" sizes=\"(max-width: 2560px) 100vw, 2560px\" \/>\t\t\t\t\t\t\t\t\t\t\t\t\t\t\t<\/div>\n\t\t\t\t<\/div>\n\t\t\t\t\t<\/div>\n\t\t<\/div>\n\t\t\t\t\t<\/div>\n\t\t<\/section>\n\t\t\t\t<section class=\"elementor-section elementor-top-section elementor-element elementor-element-c962f60 elementor-section-full_width elementor-section-content-middle elementor-section-height-default elementor-section-height-default\" data-id=\"c962f60\" data-element_type=\"section\" data-e-type=\"section\">\n\t\t\t\t\t\t<div class=\"elementor-container elementor-column-gap-no\">\n\t\t\t\t\t<div class=\"elementor-column elementor-col-50 elementor-top-column elementor-element elementor-element-c8645ba\" data-id=\"c8645ba\" data-element_type=\"column\" data-e-type=\"column\">\n\t\t\t<div class=\"elementor-widget-wrap elementor-element-populated\">\n\t\t\t\t\t\t<div class=\"elementor-element elementor-element-01b9ff9 elementor-widget elementor-widget-image\" data-id=\"01b9ff9\" data-element_type=\"widget\" data-e-type=\"widget\" data-widget_type=\"image.default\">\n\t\t\t\t<div class=\"elementor-widget-container\">\n\t\t\t\t\t\t\t\t\t\t\t\t\t\t\t<img decoding=\"async\" width=\"2560\" height=\"1837\" src=\"https:\/\/mahlers.se\/wp-content\/uploads\/2024\/03\/Mahlers-HD-sidoplog-fram-kopia-scaled.jpg\" class=\"attachment-full size-full wp-image-9491\" alt=\"\" srcset=\"https:\/\/mahlers.se\/wp-content\/uploads\/2024\/03\/Mahlers-HD-sidoplog-fram-kopia-scaled.jpg 2560w, https:\/\/mahlers.se\/wp-content\/uploads\/2024\/03\/Mahlers-HD-sidoplog-fram-kopia-300x215.jpg 300w, https:\/\/mahlers.se\/wp-content\/uploads\/2024\/03\/Mahlers-HD-sidoplog-fram-kopia-1024x735.jpg 1024w, https:\/\/mahlers.se\/wp-content\/uploads\/2024\/03\/Mahlers-HD-sidoplog-fram-kopia-768x551.jpg 768w, https:\/\/mahlers.se\/wp-content\/uploads\/2024\/03\/Mahlers-HD-sidoplog-fram-kopia-1536x1102.jpg 1536w, https:\/\/mahlers.se\/wp-content\/uploads\/2024\/03\/Mahlers-HD-sidoplog-fram-kopia-2048x1469.jpg 2048w\" sizes=\"(max-width: 2560px) 100vw, 2560px\" \/>\t\t\t\t\t\t\t\t\t\t\t\t\t\t\t<\/div>\n\t\t\t\t<\/div>\n\t\t\t\t\t<\/div>\n\t\t<\/div>\n\t\t\t\t<div class=\"elementor-column elementor-col-50 elementor-top-column elementor-element elementor-element-0bdb371\" data-id=\"0bdb371\" data-element_type=\"column\" data-e-type=\"column\" data-settings=\"{&quot;background_background&quot;:&quot;classic&quot;}\">\n\t\t\t<div class=\"elementor-widget-wrap elementor-element-populated\">\n\t\t\t\t\t\t<div class=\"elementor-element elementor-element-c0f5e96 elementor-widget elementor-widget-heading\" data-id=\"c0f5e96\" data-element_type=\"widget\" data-e-type=\"widget\" data-widget_type=\"heading.default\">\n\t\t\t\t<div class=\"elementor-widget-container\">\n\t\t\t\t\t<h2 class=\"elementor-heading-title elementor-size-default\">M\u00e4hlers tilbyr Heavy Duty sideploger<\/h2>\t\t\t\t<\/div>\n\t\t\t\t<\/div>\n\t\t\t\t<div class=\"elementor-element elementor-element-3e81f45 elementor-widget-divider--view-line elementor-widget elementor-widget-divider\" data-id=\"3e81f45\" data-element_type=\"widget\" data-e-type=\"widget\" data-widget_type=\"divider.default\">\n\t\t\t\t<div class=\"elementor-widget-container\">\n\t\t\t\t\t\t\t<div class=\"elementor-divider\">\n\t\t\t<span class=\"elementor-divider-separator\">\n\t\t\t\t\t\t<\/span>\n\t\t<\/div>\n\t\t\t\t\t\t<\/div>\n\t\t\t\t<\/div>\n\t\t\t\t<div class=\"elementor-element elementor-element-b77a6a5 elementor-widget elementor-widget-text-editor\" data-id=\"b77a6a5\" data-element_type=\"widget\" data-e-type=\"widget\" data-widget_type=\"text-editor.default\">\n\t\t\t\t<div class=\"elementor-widget-container\">\n\t\t\t\t\t\t\t\t\t<p style=\"font-weight: 400;\">I forbindelse med innskjerping av milj\u00f8regelverket og behov for \u00e5 redusere uttak av naturgrus, blir landets veier n\u00e5 str\u00f8dd mer og mer med pukk. Ettersom pukk er et betydelig hardere og skarpere materiale, har dette igjen f\u00f8rt til \u00f8kt slitasje p\u00e5 entrepren\u00f8renes sn\u00f8ploger. For \u00e5 m\u00f8te dette tilbyr sn\u00f8plogprodusenten M\u00e4hlers n\u00e5 en serie Heavy Duty sideploger.<\/p><p style=\"font-weight: 400;\">\u2013 Fremfor alt er det de ytterste delene av sideplogene v\u00e5re som slites mest og siden v\u00e5re ploger er modul\u00e6re er det den tredje og ytterste delen som vi forsterker med hardere st\u00e5l p\u00e5 de mest utsatte delene, sier Oscar Nyberg, konstrukt\u00f8r i M\u00e4hlers.<\/p>\t\t\t\t\t\t\t\t<\/div>\n\t\t\t\t<\/div>\n\t\t\t\t<div class=\"elementor-element elementor-element-a3270bd elementor-align-left elementor-widget elementor-widget-button\" data-id=\"a3270bd\" data-element_type=\"widget\" data-e-type=\"widget\" data-widget_type=\"button.default\">\n\t\t\t\t<div class=\"elementor-widget-container\">\n\t\t\t\t\t\t\t\t\t<div class=\"elementor-button-wrapper\">\n\t\t\t\t\t<a class=\"elementor-button elementor-button-link elementor-size-sm\" href=\"https:\/\/mahlers.se\/no\/2024\/03\/13\/mahlers-tilbyr-heavy-duty-sideploger\/\">\n\t\t\t\t\t\t<span class=\"elementor-button-content-wrapper\">\n\t\t\t\t\t\t\t\t\t<span class=\"elementor-button-text\">Les mer<\/span>\n\t\t\t\t\t<\/span>\n\t\t\t\t\t<\/a>\n\t\t\t\t<\/div>\n\t\t\t\t\t\t\t\t<\/div>\n\t\t\t\t<\/div>\n\t\t\t\t\t<\/div>\n\t\t<\/div>\n\t\t\t\t\t<\/div>\n\t\t<\/section>\n\t\t\t\t<section class=\"elementor-section elementor-top-section elementor-element elementor-element-576918e4 elementor-section-full_width elementor-section-height-default elementor-section-height-default\" data-id=\"576918e4\" data-element_type=\"section\" data-e-type=\"section\">\n\t\t\t\t\t\t<div class=\"elementor-container elementor-column-gap-no\">\n\t\t\t\t\t<div class=\"elementor-column elementor-col-50 elementor-top-column elementor-element elementor-element-25894baf\" data-id=\"25894baf\" data-element_type=\"column\" data-e-type=\"column\">\n\t\t\t<div class=\"elementor-widget-wrap elementor-element-populated\">\n\t\t\t\t\t\t<div class=\"elementor-element elementor-element-7ba2788b elementor-widget elementor-widget-image\" data-id=\"7ba2788b\" data-element_type=\"widget\" data-e-type=\"widget\" data-widget_type=\"image.default\">\n\t\t\t\t<div class=\"elementor-widget-container\">\n\t\t\t\t\t\t\t\t\t\t\t\t\t\t\t<img loading=\"lazy\" decoding=\"async\" width=\"750\" height=\"350\" src=\"https:\/\/mahlers.se\/wp-content\/uploads\/2021\/06\/nag-mahlers.jpg\" class=\"attachment-full size-full wp-image-454\" alt=\"\" srcset=\"https:\/\/mahlers.se\/wp-content\/uploads\/2021\/06\/nag-mahlers.jpg 750w, https:\/\/mahlers.se\/wp-content\/uploads\/2021\/06\/nag-mahlers-300x140.jpg 300w\" sizes=\"(max-width: 750px) 100vw, 750px\" \/>\t\t\t\t\t\t\t\t\t\t\t\t\t\t\t<\/div>\n\t\t\t\t<\/div>\n\t\t\t\t\t<\/div>\n\t\t<\/div>\n\t\t\t\t<div class=\"elementor-column elementor-col-50 elementor-top-column elementor-element elementor-element-42790256\" data-id=\"42790256\" data-element_type=\"column\" data-e-type=\"column\" data-settings=\"{&quot;background_background&quot;:&quot;classic&quot;}\">\n\t\t\t<div class=\"elementor-widget-wrap elementor-element-populated\">\n\t\t\t\t\t\t<div class=\"elementor-element elementor-element-5b3844dd elementor-widget elementor-widget-heading\" data-id=\"5b3844dd\" data-element_type=\"widget\" data-e-type=\"widget\" data-widget_type=\"heading.default\">\n\t\t\t\t<div class=\"elementor-widget-container\">\n\t\t\t\t\t<h2 class=\"elementor-heading-title elementor-size-default\">M\u00e4hlers vedlikeholder v\u00e5re veier p\u00e5 en sikker m\u00e5te <\/h2>\t\t\t\t<\/div>\n\t\t\t\t<\/div>\n\t\t\t\t<div class=\"elementor-element elementor-element-4e3fe4c1 elementor-widget-divider--view-line elementor-widget elementor-widget-divider\" data-id=\"4e3fe4c1\" data-element_type=\"widget\" data-e-type=\"widget\" data-widget_type=\"divider.default\">\n\t\t\t\t<div class=\"elementor-widget-container\">\n\t\t\t\t\t\t\t<div class=\"elementor-divider\">\n\t\t\t<span class=\"elementor-divider-separator\">\n\t\t\t\t\t\t<\/span>\n\t\t<\/div>\n\t\t\t\t\t\t<\/div>\n\t\t\t\t<\/div>\n\t\t\t\t<div class=\"elementor-element elementor-element-3ef7e744 elementor-widget elementor-widget-text-editor\" data-id=\"3ef7e744\" data-element_type=\"widget\" data-e-type=\"widget\" data-widget_type=\"text-editor.default\">\n\t\t\t\t<div class=\"elementor-widget-container\">\n\t\t\t\t\t\t\t\t\t<p>I mer enn 100 \u00e5r har M\u00e4hlers v\u00e6rt synonymt med kvalitetsredskaper og er proffenes f\u00f8rstevalg for sn\u00f8rydding og sikker veivedlikehold i Skandinavia.<\/p>\t\t\t\t\t\t\t\t<\/div>\n\t\t\t\t<\/div>\n\t\t\t\t<div class=\"elementor-element elementor-element-6e74c115 elementor-align-left elementor-widget elementor-widget-button\" data-id=\"6e74c115\" data-element_type=\"widget\" data-e-type=\"widget\" data-widget_type=\"button.default\">\n\t\t\t\t<div class=\"elementor-widget-container\">\n\t\t\t\t\t\t\t\t\t<div class=\"elementor-button-wrapper\">\n\t\t\t\t\t<a class=\"elementor-button elementor-button-link elementor-size-sm\" href=\"\/no\/sikkerhet\/\">\n\t\t\t\t\t\t<span class=\"elementor-button-content-wrapper\">\n\t\t\t\t\t\t\t\t\t<span class=\"elementor-button-text\">Les mer om Non Accident Generation<\/span>\n\t\t\t\t\t<\/span>\n\t\t\t\t\t<\/a>\n\t\t\t\t<\/div>\n\t\t\t\t\t\t\t\t<\/div>\n\t\t\t\t<\/div>\n\t\t\t\t\t<\/div>\n\t\t<\/div>\n\t\t\t\t\t<\/div>\n\t\t<\/section>\n\t\t\t\t<section class=\"elementor-section elementor-top-section elementor-element elementor-element-482664e6 elementor-section-boxed elementor-section-height-default elementor-section-height-default\" data-id=\"482664e6\" data-element_type=\"section\" data-e-type=\"section\" data-settings=\"{&quot;background_background&quot;:&quot;classic&quot;}\">\n\t\t\t\t\t\t\t<div class=\"elementor-background-overlay\"><\/div>\n\t\t\t\t\t\t\t<div class=\"elementor-container elementor-column-gap-default\">\n\t\t\t\t\t<div class=\"elementor-column elementor-col-100 elementor-top-column elementor-element elementor-element-69c1111a\" data-id=\"69c1111a\" data-element_type=\"column\" data-e-type=\"column\">\n\t\t\t<div class=\"elementor-widget-wrap elementor-element-populated\">\n\t\t\t\t\t\t<div class=\"elementor-element elementor-element-2bc006f0 elementor-widget elementor-widget-heading\" data-id=\"2bc006f0\" data-element_type=\"widget\" data-e-type=\"widget\" data-widget_type=\"heading.default\">\n\t\t\t\t<div class=\"elementor-widget-container\">\n\t\t\t\t\t<h2 class=\"elementor-heading-title elementor-size-default\">Sp\u00f8rsm\u00e5l?<\/h2>\t\t\t\t<\/div>\n\t\t\t\t<\/div>\n\t\t\t\t<div class=\"elementor-element elementor-element-5733879c elementor-align-center elementor-widget elementor-widget-button\" data-id=\"5733879c\" data-element_type=\"widget\" data-e-type=\"widget\" data-widget_type=\"button.default\">\n\t\t\t\t<div class=\"elementor-widget-container\">\n\t\t\t\t\t\t\t\t\t<div class=\"elementor-button-wrapper\">\n\t\t\t\t\t<a class=\"elementor-button elementor-button-link elementor-size-sm\" href=\"https:\/\/mahlers.se\/no\/kontakt\/\">\n\t\t\t\t\t\t<span class=\"elementor-button-content-wrapper\">\n\t\t\t\t\t\t\t\t\t<span class=\"elementor-button-text\">Klikk her for \u00e5 finne teamet som jobber med salg, support, design og produksjon<\/span>\n\t\t\t\t\t<\/span>\n\t\t\t\t\t<\/a>\n\t\t\t\t<\/div>\n\t\t\t\t\t\t\t\t<\/div>\n\t\t\t\t<\/div>\n\t\t\t\t\t<\/div>\n\t\t<\/div>\n\t\t\t\t\t<\/div>\n\t\t<\/section>\n\t\t\t\t<\/div>\n\t\t","protected":false},"excerpt":{"rendered":"<p>Effektive sn\u00f8ploger, spredere, kost, sommerutstyr og h\u00f8velskj\u00e6r for lastebil, hjullaster, traktor, veih\u00f8vel AB M\u00c4HLER &amp; S\u00d6NER ble grunnlagt i 1895 i Hoting og holder n\u00e5 til i Ross\u00f6n som ligger i den nordlige delen av J\u00e4mtland, Sverige. Til tross for v\u00e5r lange historie, har vi ikke stagnert i v\u00e5r utvikling. Vi jobber stadig nytenkende og [&hellip;]<\/p>\n","protected":false},"author":1,"featured_media":7486,"parent":0,"menu_order":0,"comment_status":"closed","ping_status":"closed","template":"","meta":{"_acf_changed":false,"footnotes":""},"class_list":["post-4255","page","type-page","status-publish","has-post-thumbnail","hentry"],"acf":[],"yoast_head":"<!-- This site is optimized with the Yoast SEO plugin v27.2 - https:\/\/yoast.com\/product\/yoast-seo-wordpress\/ -->\n<title>Startsida - M\u00e4hlers<\/title>\n<meta name=\"robots\" content=\"index, follow, max-snippet:-1, max-image-preview:large, max-video-preview:-1\" \/>\n<link rel=\"canonical\" href=\"https:\/\/mahlers.se\/no\/\" \/>\n<meta property=\"og:locale\" content=\"nb_NO\" \/>\n<meta property=\"og:type\" content=\"article\" \/>\n<meta property=\"og:title\" content=\"Startsida - M\u00e4hlers\" \/>\n<meta property=\"og:description\" content=\"Effektive sn\u00f8ploger, spredere, kost, sommerutstyr og h\u00f8velskj\u00e6r for lastebil, hjullaster, traktor, veih\u00f8vel AB M\u00c4HLER &amp; S\u00d6NER ble grunnlagt i 1895 i Hoting og holder n\u00e5 til i Ross\u00f6n som ligger i den nordlige delen av J\u00e4mtland, Sverige. Til tross for v\u00e5r lange historie, har vi ikke stagnert i v\u00e5r utvikling. Vi jobber stadig nytenkende og [&hellip;]\" \/>\n<meta property=\"og:url\" content=\"https:\/\/mahlers.se\/no\/\" \/>\n<meta property=\"og:site_name\" content=\"M\u00e4hlers\" \/>\n<meta property=\"article:modified_time\" content=\"2026-01-06T11:07:37+00:00\" \/>\n<meta property=\"og:image\" content=\"https:\/\/mahlers.se\/wp-content\/uploads\/2021\/10\/DSC05767_2-scaled.jpg\" \/>\n<meta name=\"twitter:card\" content=\"summary_large_image\" \/>\n<meta name=\"twitter:label1\" content=\"Ansl. lesetid\" \/>\n\t<meta name=\"twitter:data1\" content=\"5 minutter\" \/>\n<script type=\"application\/ld+json\" class=\"yoast-schema-graph\">{\"@context\":\"https:\/\/schema.org\",\"@graph\":[{\"@type\":\"WebPage\",\"@id\":\"https:\/\/mahlers.se\/no\/\",\"url\":\"https:\/\/mahlers.se\/no\/\",\"name\":\"Startsida - M\u00e4hlers\",\"isPartOf\":{\"@id\":\"https:\/\/mahlers.se\/no\/#website\"},\"primaryImageOfPage\":{\"@id\":\"https:\/\/mahlers.se\/no\/#primaryimage\"},\"image\":{\"@id\":\"https:\/\/mahlers.se\/no\/#primaryimage\"},\"thumbnailUrl\":\"https:\/\/mahlers.se\/wp-content\/uploads\/2023\/06\/Ettan-16-5.jpg\",\"datePublished\":\"2021-06-28T20:08:06+00:00\",\"dateModified\":\"2026-01-06T11:07:37+00:00\",\"breadcrumb\":{\"@id\":\"https:\/\/mahlers.se\/no\/#breadcrumb\"},\"inLanguage\":\"nb-NO\",\"potentialAction\":[{\"@type\":\"ReadAction\",\"target\":[\"https:\/\/mahlers.se\/no\/\"]}]},{\"@type\":\"ImageObject\",\"inLanguage\":\"nb-NO\",\"@id\":\"https:\/\/mahlers.se\/no\/#primaryimage\",\"url\":\"https:\/\/mahlers.se\/wp-content\/uploads\/2023\/06\/Ettan-16-5.jpg\",\"contentUrl\":\"https:\/\/mahlers.se\/wp-content\/uploads\/2023\/06\/Ettan-16-5.jpg\",\"width\":1760,\"height\":550},{\"@type\":\"BreadcrumbList\",\"@id\":\"https:\/\/mahlers.se\/no\/#breadcrumb\",\"itemListElement\":[{\"@type\":\"ListItem\",\"position\":1,\"name\":\"Hem\",\"item\":\"https:\/\/mahlers.se\/no\/\"},{\"@type\":\"ListItem\",\"position\":2,\"name\":\"Startsida\"}]},{\"@type\":\"WebSite\",\"@id\":\"https:\/\/mahlers.se\/no\/#website\",\"url\":\"https:\/\/mahlers.se\/no\/\",\"name\":\"M\u00e4hlers\",\"description\":\"F\u00f6r effektivare sn\u00f6r\u00f6jning och v\u00e4gunderh\u00e5ll\",\"publisher\":{\"@id\":\"https:\/\/mahlers.se\/no\/#organization\"},\"potentialAction\":[{\"@type\":\"SearchAction\",\"target\":{\"@type\":\"EntryPoint\",\"urlTemplate\":\"https:\/\/mahlers.se\/no\/?s={search_term_string}\"},\"query-input\":{\"@type\":\"PropertyValueSpecification\",\"valueRequired\":true,\"valueName\":\"search_term_string\"}}],\"inLanguage\":\"nb-NO\"},{\"@type\":\"Organization\",\"@id\":\"https:\/\/mahlers.se\/no\/#organization\",\"name\":\"M\u00e4hlers\",\"url\":\"https:\/\/mahlers.se\/no\/\",\"logo\":{\"@type\":\"ImageObject\",\"inLanguage\":\"nb-NO\",\"@id\":\"https:\/\/mahlers.se\/no\/#\/schema\/logo\/image\/\",\"url\":\"https:\/\/mahlers.se\/wp-content\/uploads\/2021\/06\/Mahlers-logo-ned-wordonly.png\",\"contentUrl\":\"https:\/\/mahlers.se\/wp-content\/uploads\/2021\/06\/Mahlers-logo-ned-wordonly.png\",\"width\":1026,\"height\":186,\"caption\":\"M\u00e4hlers\"},\"image\":{\"@id\":\"https:\/\/mahlers.se\/no\/#\/schema\/logo\/image\/\"}}]}<\/script>\n<!-- \/ Yoast SEO plugin. -->","yoast_head_json":{"title":"Startsida - M\u00e4hlers","robots":{"index":"index","follow":"follow","max-snippet":"max-snippet:-1","max-image-preview":"max-image-preview:large","max-video-preview":"max-video-preview:-1"},"canonical":"https:\/\/mahlers.se\/no\/","og_locale":"nb_NO","og_type":"article","og_title":"Startsida - M\u00e4hlers","og_description":"Effektive sn\u00f8ploger, spredere, kost, sommerutstyr og h\u00f8velskj\u00e6r for lastebil, hjullaster, traktor, veih\u00f8vel AB M\u00c4HLER &amp; S\u00d6NER ble grunnlagt i 1895 i Hoting og holder n\u00e5 til i Ross\u00f6n som ligger i den nordlige delen av J\u00e4mtland, Sverige. Til tross for v\u00e5r lange historie, har vi ikke stagnert i v\u00e5r utvikling. Vi jobber stadig nytenkende og [&hellip;]","og_url":"https:\/\/mahlers.se\/no\/","og_site_name":"M\u00e4hlers","article_modified_time":"2026-01-06T11:07:37+00:00","og_image":[{"url":"https:\/\/mahlers.se\/wp-content\/uploads\/2021\/10\/DSC05767_2-scaled.jpg","type":"","width":"","height":""}],"twitter_card":"summary_large_image","twitter_misc":{"Ansl. lesetid":"5 minutter"},"schema":{"@context":"https:\/\/schema.org","@graph":[{"@type":"WebPage","@id":"https:\/\/mahlers.se\/no\/","url":"https:\/\/mahlers.se\/no\/","name":"Startsida - M\u00e4hlers","isPartOf":{"@id":"https:\/\/mahlers.se\/no\/#website"},"primaryImageOfPage":{"@id":"https:\/\/mahlers.se\/no\/#primaryimage"},"image":{"@id":"https:\/\/mahlers.se\/no\/#primaryimage"},"thumbnailUrl":"https:\/\/mahlers.se\/wp-content\/uploads\/2023\/06\/Ettan-16-5.jpg","datePublished":"2021-06-28T20:08:06+00:00","dateModified":"2026-01-06T11:07:37+00:00","breadcrumb":{"@id":"https:\/\/mahlers.se\/no\/#breadcrumb"},"inLanguage":"nb-NO","potentialAction":[{"@type":"ReadAction","target":["https:\/\/mahlers.se\/no\/"]}]},{"@type":"ImageObject","inLanguage":"nb-NO","@id":"https:\/\/mahlers.se\/no\/#primaryimage","url":"https:\/\/mahlers.se\/wp-content\/uploads\/2023\/06\/Ettan-16-5.jpg","contentUrl":"https:\/\/mahlers.se\/wp-content\/uploads\/2023\/06\/Ettan-16-5.jpg","width":1760,"height":550},{"@type":"BreadcrumbList","@id":"https:\/\/mahlers.se\/no\/#breadcrumb","itemListElement":[{"@type":"ListItem","position":1,"name":"Hem","item":"https:\/\/mahlers.se\/no\/"},{"@type":"ListItem","position":2,"name":"Startsida"}]},{"@type":"WebSite","@id":"https:\/\/mahlers.se\/no\/#website","url":"https:\/\/mahlers.se\/no\/","name":"M\u00e4hlers","description":"F\u00f6r effektivare sn\u00f6r\u00f6jning och v\u00e4gunderh\u00e5ll","publisher":{"@id":"https:\/\/mahlers.se\/no\/#organization"},"potentialAction":[{"@type":"SearchAction","target":{"@type":"EntryPoint","urlTemplate":"https:\/\/mahlers.se\/no\/?s={search_term_string}"},"query-input":{"@type":"PropertyValueSpecification","valueRequired":true,"valueName":"search_term_string"}}],"inLanguage":"nb-NO"},{"@type":"Organization","@id":"https:\/\/mahlers.se\/no\/#organization","name":"M\u00e4hlers","url":"https:\/\/mahlers.se\/no\/","logo":{"@type":"ImageObject","inLanguage":"nb-NO","@id":"https:\/\/mahlers.se\/no\/#\/schema\/logo\/image\/","url":"https:\/\/mahlers.se\/wp-content\/uploads\/2021\/06\/Mahlers-logo-ned-wordonly.png","contentUrl":"https:\/\/mahlers.se\/wp-content\/uploads\/2021\/06\/Mahlers-logo-ned-wordonly.png","width":1026,"height":186,"caption":"M\u00e4hlers"},"image":{"@id":"https:\/\/mahlers.se\/no\/#\/schema\/logo\/image\/"}}]}},"_links":{"self":[{"href":"https:\/\/mahlers.se\/no\/wp-json\/wp\/v2\/pages\/4255","targetHints":{"allow":["GET"]}}],"collection":[{"href":"https:\/\/mahlers.se\/no\/wp-json\/wp\/v2\/pages"}],"about":[{"href":"https:\/\/mahlers.se\/no\/wp-json\/wp\/v2\/types\/page"}],"author":[{"embeddable":true,"href":"https:\/\/mahlers.se\/no\/wp-json\/wp\/v2\/users\/1"}],"replies":[{"embeddable":true,"href":"https:\/\/mahlers.se\/no\/wp-json\/wp\/v2\/comments?post=4255"}],"version-history":[{"count":3,"href":"https:\/\/mahlers.se\/no\/wp-json\/wp\/v2\/pages\/4255\/revisions"}],"predecessor-version":[{"id":14140,"href":"https:\/\/mahlers.se\/no\/wp-json\/wp\/v2\/pages\/4255\/revisions\/14140"}],"wp:featuredmedia":[{"embeddable":true,"href":"https:\/\/mahlers.se\/no\/wp-json\/wp\/v2\/media\/7486"}],"wp:attachment":[{"href":"https:\/\/mahlers.se\/no\/wp-json\/wp\/v2\/media?parent=4255"}],"curies":[{"name":"wp","href":"https:\/\/api.w.org\/{rel}","templated":true}]}}